{"version":"1.0","provider_name":"Aldeias Hist\u00f3ricas de Portugal","provider_url":"https:\/\/aldeiashistoricasdeportugal.com\/de","author_name":"Technical Skillmind","author_url":"https:\/\/aldeiashistoricasdeportugal.com\/de\/author\/technical-skillmind\/","title":"Belmonte Medieval - Aldeias Hist\u00f3ricas de Portugal","type":"rich","width":600,"height":338,"html":"<blockquote class=\"wp-embedded-content\" data-secret=\"tKNRWmM6sp\"><a href=\"https:\/\/aldeiashistoricasdeportugal.com\/de\/evento\/belmonte-medieval\/\">Belmonte Medieval<\/a><\/blockquote><iframe sandbox=\"allow-scripts\" security=\"restricted\" src=\"https:\/\/aldeiashistoricasdeportugal.com\/de\/evento\/belmonte-medieval\/embed\/#?secret=tKNRWmM6sp\" width=\"600\" height=\"338\" title=\"&#8222;Belmonte Medieval&#8220; &#8211; Aldeias Hist\u00f3ricas de Portugal\" data-secret=\"tKNRWmM6sp\" frameborder=\"0\" marginwidth=\"0\" marginheight=\"0\" scrolling=\"no\" class=\"wp-embedded-content\"><\/iframe><script type=\"text\/javascript\">\n\/* <![CDATA[ *\/\n\/*! This file is auto-generated *\/\n!function(d,l){\"use strict\";l.querySelector&&d.addEventListener&&\"undefined\"!=typeof URL&&(d.wp=d.wp||{},d.wp.receiveEmbedMessage||(d.wp.receiveEmbedMessage=function(e){var t=e.data;if((t||t.secret||t.message||t.value)&&!\/[^a-zA-Z0-9]\/.test(t.secret)){for(var s,r,n,a=l.querySelectorAll('iframe[data-secret=\"'+t.secret+'\"]'),o=l.querySelectorAll('blockquote[data-secret=\"'+t.secret+'\"]'),c=new RegExp(\"^https?:$\",\"i\"),i=0;i<o.length;i++)o[i].style.display=\"none\";for(i=0;i<a.length;i++)s=a[i],e.source===s.contentWindow&&(s.removeAttribute(\"style\"),\"height\"===t.message?(1e3<(r=parseInt(t.value,10))?r=1e3:~~r<200&&(r=200),s.height=r):\"link\"===t.message&&(r=new URL(s.getAttribute(\"src\")),n=new URL(t.value),c.test(n.protocol))&&n.host===r.host&&l.activeElement===s&&(d.top.location.href=t.value))}},d.addEventListener(\"message\",d.wp.receiveEmbedMessage,!1),l.addEventListener(\"DOMContentLoaded\",function(){for(var e,t,s=l.querySelectorAll(\"iframe.wp-embedded-content\"),r=0;r<s.length;r++)(t=(e=s[r]).getAttribute(\"data-secret\"))||(t=Math.random().toString(36).substring(2,12),e.src+=\"#?secret=\"+t,e.setAttribute(\"data-secret\",t)),e.contentWindow.postMessage({message:\"ready\",secret:t},\"*\")},!1)))}(window,document);\n\/\/# sourceURL=https:\/\/aldeiashistoricasdeportugal.com\/wp-includes\/js\/wp-embed.min.js\n\/* ]]> *\/\n<\/script>\n","thumbnail_url":"https:\/\/aldeiashistoricasdeportugal.com\/wp-content\/uploads\/2019\/05\/belmonte_medieval_02.jpg","thumbnail_width":1387,"thumbnail_height":2048,"description":"Leider ist der Eintrag nur auf Portugu\u00eas verf\u00fcgbar. Der Inhalt wird unten in einer verf\u00fcgbaren Sprache angezeigt. Klicken Sie auf den Link, um die aktuelle Sprache zu \u00e4ndern. Belmonte Medieval 2017 | 11 a 14 de Agosto Maria Gil Cabral n\u00e3o vai deixar de lutar para garantir que o seu sobrinho Lu\u00eds \u00c1lvares Cabral herde [&hellip;]"}