{"version":"1.0","provider_name":"Aldeias Hist\u00f3ricas de Portugal","provider_url":"https:\/\/aldeiashistoricasdeportugal.com\/de","author_name":"joao","author_url":"https:\/\/aldeiashistoricasdeportugal.com\/de\/author\/joao\/","title":"Capela de S\u00e3o Br\u00e1s - Aldeias Hist\u00f3ricas de Portugal","type":"rich","width":600,"height":338,"html":"<blockquote class=\"wp-embedded-content\" data-secret=\"1UYMfpgA4r\"><a href=\"https:\/\/aldeiashistoricasdeportugal.com\/de\/local\/capela-de-sao-bras\/\">Capela de S\u00e3o Br\u00e1s<\/a><\/blockquote><iframe sandbox=\"allow-scripts\" security=\"restricted\" src=\"https:\/\/aldeiashistoricasdeportugal.com\/de\/local\/capela-de-sao-bras\/embed\/#?secret=1UYMfpgA4r\" width=\"600\" height=\"338\" title=\"&#8222;Capela de S\u00e3o Br\u00e1s&#8220; &#8211; Aldeias Hist\u00f3ricas de Portugal\" data-secret=\"1UYMfpgA4r\" frameborder=\"0\" marginwidth=\"0\" marginheight=\"0\" scrolling=\"no\" class=\"wp-embedded-content\"><\/iframe><script type=\"text\/javascript\">\n\/* <![CDATA[ *\/\n\/*! This file is auto-generated *\/\n!function(d,l){\"use strict\";l.querySelector&&d.addEventListener&&\"undefined\"!=typeof URL&&(d.wp=d.wp||{},d.wp.receiveEmbedMessage||(d.wp.receiveEmbedMessage=function(e){var t=e.data;if((t||t.secret||t.message||t.value)&&!\/[^a-zA-Z0-9]\/.test(t.secret)){for(var s,r,n,a=l.querySelectorAll('iframe[data-secret=\"'+t.secret+'\"]'),o=l.querySelectorAll('blockquote[data-secret=\"'+t.secret+'\"]'),c=new RegExp(\"^https?:$\",\"i\"),i=0;i<o.length;i++)o[i].style.display=\"none\";for(i=0;i<a.length;i++)s=a[i],e.source===s.contentWindow&&(s.removeAttribute(\"style\"),\"height\"===t.message?(1e3<(r=parseInt(t.value,10))?r=1e3:~~r<200&&(r=200),s.height=r):\"link\"===t.message&&(r=new URL(s.getAttribute(\"src\")),n=new URL(t.value),c.test(n.protocol))&&n.host===r.host&&l.activeElement===s&&(d.top.location.href=t.value))}},d.addEventListener(\"message\",d.wp.receiveEmbedMessage,!1),l.addEventListener(\"DOMContentLoaded\",function(){for(var e,t,s=l.querySelectorAll(\"iframe.wp-embedded-content\"),r=0;r<s.length;r++)(t=(e=s[r]).getAttribute(\"data-secret\"))||(t=Math.random().toString(36).substring(2,12),e.src+=\"#?secret=\"+t,e.setAttribute(\"data-secret\",t)),e.contentWindow.postMessage({message:\"ready\",secret:t},\"*\")},!1)))}(window,document);\n\/\/# sourceURL=https:\/\/aldeiashistoricasdeportugal.com\/wp-includes\/js\/wp-embed.min.js\n\/* ]]> *\/\n<\/script>\n","description":"Leider ist der Eintrag nur auf Portugu\u00eas und English verf\u00fcgbar. For the sake of viewer convenience, the content is shown below in the default language of this site. Sie k\u00f6nnen einen Link anklicken, um zu einer anderen verf\u00fcgbaren Sprache zu wechseln. Capela constru\u00edda no s\u00e9culo dezasseis, mas de funda\u00e7\u00e3o anterior, que a tradi\u00e7\u00e3o afirma estar [&hellip;]"}