{"version":"1.0","provider_name":"Aldeias Hist\u00f3ricas de Portugal","provider_url":"https:\/\/aldeiashistoricasdeportugal.com\/de","author_name":"Technical Skillmind","author_url":"https:\/\/aldeiashistoricasdeportugal.com\/de\/author\/technical-skillmind\/","title":"\u201eSr. da Miseric\u00f3rdia\u201c Kapelle - Aldeias Hist\u00f3ricas de Portugal","type":"rich","width":600,"height":338,"html":"<blockquote class=\"wp-embedded-content\" data-secret=\"UNRidUM9eP\"><a href=\"https:\/\/aldeiashistoricasdeportugal.com\/de\/local\/capela-do-senhor-da-misericordia\/\">\u201eSr. da Miseric\u00f3rdia\u201c Kapelle<\/a><\/blockquote><iframe sandbox=\"allow-scripts\" security=\"restricted\" src=\"https:\/\/aldeiashistoricasdeportugal.com\/de\/local\/capela-do-senhor-da-misericordia\/embed\/#?secret=UNRidUM9eP\" width=\"600\" height=\"338\" title=\"&#8222;\u201eSr. da Miseric\u00f3rdia\u201c Kapelle&#8220; &#8211; Aldeias Hist\u00f3ricas de Portugal\" data-secret=\"UNRidUM9eP\" frameborder=\"0\" marginwidth=\"0\" marginheight=\"0\" scrolling=\"no\" class=\"wp-embedded-content\"><\/iframe><script type=\"text\/javascript\">\n\/* <![CDATA[ *\/\n\/*! This file is auto-generated *\/\n!function(d,l){\"use strict\";l.querySelector&&d.addEventListener&&\"undefined\"!=typeof URL&&(d.wp=d.wp||{},d.wp.receiveEmbedMessage||(d.wp.receiveEmbedMessage=function(e){var t=e.data;if((t||t.secret||t.message||t.value)&&!\/[^a-zA-Z0-9]\/.test(t.secret)){for(var s,r,n,a=l.querySelectorAll('iframe[data-secret=\"'+t.secret+'\"]'),o=l.querySelectorAll('blockquote[data-secret=\"'+t.secret+'\"]'),c=new RegExp(\"^https?:$\",\"i\"),i=0;i<o.length;i++)o[i].style.display=\"none\";for(i=0;i<a.length;i++)s=a[i],e.source===s.contentWindow&&(s.removeAttribute(\"style\"),\"height\"===t.message?(1e3<(r=parseInt(t.value,10))?r=1e3:~~r<200&&(r=200),s.height=r):\"link\"===t.message&&(r=new URL(s.getAttribute(\"src\")),n=new URL(t.value),c.test(n.protocol))&&n.host===r.host&&l.activeElement===s&&(d.top.location.href=t.value))}},d.addEventListener(\"message\",d.wp.receiveEmbedMessage,!1),l.addEventListener(\"DOMContentLoaded\",function(){for(var e,t,s=l.querySelectorAll(\"iframe.wp-embedded-content\"),r=0;r<s.length;r++)(t=(e=s[r]).getAttribute(\"data-secret\"))||(t=Math.random().toString(36).substring(2,12),e.src+=\"#?secret=\"+t,e.setAttribute(\"data-secret\",t)),e.contentWindow.postMessage({message:\"ready\",secret:t},\"*\")},!1)))}(window,document);\n\/\/# sourceURL=https:\/\/aldeiashistoricasdeportugal.com\/wp-includes\/js\/wp-embed.min.js\n\/* ]]> *\/\n<\/script>\n","thumbnail_url":"https:\/\/aldeiashistoricasdeportugal.com\/wp-content\/uploads\/2019\/01\/rascunho-automatico-194.jpg","thumbnail_width":1344,"thumbnail_height":900,"description":"Errichtet in der zweiten H\u00e4lfte des 17. Jahrhunderts weist das Geb\u00e4ude Spuren manieristischen, einheimischen Stils auf. Der Legende nach wurde diese Kapelle zu Ehren des \u201eSr. da Miseric\u00f3rdia\u201c (Herr der Barmherzigkeit) gebaut, aufgrund der gew\u00e4hrten Gnade der Fernhaltung einer gro\u00dfen Heuschreckenplage, welche die Anbauten der Region zerst\u00f6rte. Man wei\u00df, dass diese mithilfe von Spenden, unter [&hellip;]"}