{"version":"1.0","provider_name":"Aldeias Hist\u00f3ricas de Portugal","provider_url":"https:\/\/aldeiashistoricasdeportugal.com\/en","author_name":"Technical Skillmind","author_url":"https:\/\/aldeiashistoricasdeportugal.com\/en\/author\/technical-skillmind\/","title":"Judeia | Auto da Paix\u00e3o de Cristo - Aldeias Hist\u00f3ricas de Portugal","type":"rich","width":600,"height":338,"html":"<blockquote class=\"wp-embedded-content\" data-secret=\"h6Jw66K9nk\"><a href=\"https:\/\/aldeiashistoricasdeportugal.com\/en\/evento\/judeia-auto-da-paixao-de-cristo\/\">Judeia | Auto da Paix\u00e3o de Cristo<\/a><\/blockquote><iframe sandbox=\"allow-scripts\" security=\"restricted\" src=\"https:\/\/aldeiashistoricasdeportugal.com\/en\/evento\/judeia-auto-da-paixao-de-cristo\/embed\/#?secret=h6Jw66K9nk\" width=\"600\" height=\"338\" title=\"&#8220;Judeia | Auto da Paix\u00e3o de Cristo&#8221; &#8212; Aldeias Hist\u00f3ricas de Portugal\" data-secret=\"h6Jw66K9nk\" frameborder=\"0\" marginwidth=\"0\" marginheight=\"0\" scrolling=\"no\" class=\"wp-embedded-content\"><\/iframe><script type=\"text\/javascript\">\n\/* <![CDATA[ *\/\n\/*! This file is auto-generated *\/\n!function(d,l){\"use strict\";l.querySelector&&d.addEventListener&&\"undefined\"!=typeof URL&&(d.wp=d.wp||{},d.wp.receiveEmbedMessage||(d.wp.receiveEmbedMessage=function(e){var t=e.data;if((t||t.secret||t.message||t.value)&&!\/[^a-zA-Z0-9]\/.test(t.secret)){for(var s,r,n,a=l.querySelectorAll('iframe[data-secret=\"'+t.secret+'\"]'),o=l.querySelectorAll('blockquote[data-secret=\"'+t.secret+'\"]'),c=new RegExp(\"^https?:$\",\"i\"),i=0;i<o.length;i++)o[i].style.display=\"none\";for(i=0;i<a.length;i++)s=a[i],e.source===s.contentWindow&&(s.removeAttribute(\"style\"),\"height\"===t.message?(1e3<(r=parseInt(t.value,10))?r=1e3:~~r<200&&(r=200),s.height=r):\"link\"===t.message&&(r=new URL(s.getAttribute(\"src\")),n=new URL(t.value),c.test(n.protocol))&&n.host===r.host&&l.activeElement===s&&(d.top.location.href=t.value))}},d.addEventListener(\"message\",d.wp.receiveEmbedMessage,!1),l.addEventListener(\"DOMContentLoaded\",function(){for(var e,t,s=l.querySelectorAll(\"iframe.wp-embedded-content\"),r=0;r<s.length;r++)(t=(e=s[r]).getAttribute(\"data-secret\"))||(t=Math.random().toString(36).substring(2,12),e.src+=\"#?secret=\"+t,e.setAttribute(\"data-secret\",t)),e.contentWindow.postMessage({message:\"ready\",secret:t},\"*\")},!1)))}(window,document);\n\/\/# sourceURL=https:\/\/aldeiashistoricasdeportugal.com\/wp-includes\/js\/wp-embed.min.js\n\/* ]]> *\/\n<\/script>\n","thumbnail_url":"https:\/\/aldeiashistoricasdeportugal.com\/wp-content\/uploads\/2019\/05\/judeia_2.jpg","thumbnail_width":1920,"thumbnail_height":1280,"description":"Sorry, this entry is only available in Portugu\u00eas. For the sake of viewer convenience, the content is shown below in the alternative language. You may click the link to switch the active language. No \u00e2mbito da Quadrag\u00e9sima \u2013 Ciclo de Tradi\u00e7\u00f5es e Semana Santa do Concelho do Fund\u00e3o, realiza-se no dia 25 de Mar\u00e7o, sexta-feira [&hellip;]"}