{"version":"1.0","provider_name":"Aldeias Hist\u00f3ricas de Portugal","provider_url":"https:\/\/aldeiashistoricasdeportugal.com\/es","author_name":"Technical Skillmind","author_url":"https:\/\/aldeiashistoricasdeportugal.com\/es\/author\/technical-skillmind\/","title":"Veedur\u00eda General de Beira \/ Casa de los Gobernadores - Aldeias Hist\u00f3ricas de Portugal","type":"rich","width":600,"height":338,"html":"<blockquote class=\"wp-embedded-content\" data-secret=\"h8OSuHP843\"><a href=\"https:\/\/aldeiashistoricasdeportugal.com\/es\/local\/vedoria-geral-da-beira-casa-dos-governadores\/\">Veedur\u00eda General de Beira \/ Casa de los Gobernadores<\/a><\/blockquote><iframe sandbox=\"allow-scripts\" security=\"restricted\" src=\"https:\/\/aldeiashistoricasdeportugal.com\/es\/local\/vedoria-geral-da-beira-casa-dos-governadores\/embed\/#?secret=h8OSuHP843\" width=\"600\" height=\"338\" title=\"\u00abVeedur\u00eda General de Beira \/ Casa de los Gobernadores\u00bb \u2014 Aldeias Hist\u00f3ricas de Portugal\" data-secret=\"h8OSuHP843\" frameborder=\"0\" marginwidth=\"0\" marginheight=\"0\" scrolling=\"no\" class=\"wp-embedded-content\"><\/iframe><script type=\"text\/javascript\">\n\/* <![CDATA[ *\/\n\/*! This file is auto-generated *\/\n!function(d,l){\"use strict\";l.querySelector&&d.addEventListener&&\"undefined\"!=typeof URL&&(d.wp=d.wp||{},d.wp.receiveEmbedMessage||(d.wp.receiveEmbedMessage=function(e){var t=e.data;if((t||t.secret||t.message||t.value)&&!\/[^a-zA-Z0-9]\/.test(t.secret)){for(var s,r,n,a=l.querySelectorAll('iframe[data-secret=\"'+t.secret+'\"]'),o=l.querySelectorAll('blockquote[data-secret=\"'+t.secret+'\"]'),c=new RegExp(\"^https?:$\",\"i\"),i=0;i<o.length;i++)o[i].style.display=\"none\";for(i=0;i<a.length;i++)s=a[i],e.source===s.contentWindow&&(s.removeAttribute(\"style\"),\"height\"===t.message?(1e3<(r=parseInt(t.value,10))?r=1e3:~~r<200&&(r=200),s.height=r):\"link\"===t.message&&(r=new URL(s.getAttribute(\"src\")),n=new URL(t.value),c.test(n.protocol))&&n.host===r.host&&l.activeElement===s&&(d.top.location.href=t.value))}},d.addEventListener(\"message\",d.wp.receiveEmbedMessage,!1),l.addEventListener(\"DOMContentLoaded\",function(){for(var e,t,s=l.querySelectorAll(\"iframe.wp-embedded-content\"),r=0;r<s.length;r++)(t=(e=s[r]).getAttribute(\"data-secret\"))||(t=Math.random().toString(36).substring(2,12),e.src+=\"#?secret=\"+t,e.setAttribute(\"data-secret\",t)),e.contentWindow.postMessage({message:\"ready\",secret:t},\"*\")},!1)))}(window,document);\n\/\/# sourceURL=https:\/\/aldeiashistoricasdeportugal.com\/wp-includes\/js\/wp-embed.min.js\n\/* ]]> *\/\n<\/script>\n","thumbnail_url":"https:\/\/aldeiashistoricasdeportugal.com\/wp-content\/uploads\/2019\/02\/vedoria-geral-da-beira-casa-dos-governadores.jpg","thumbnail_width":761,"thumbnail_height":571,"description":"El edificio se construy\u00f3 a finales del siglo XVII y principios del siglo XVIII. El proyecto inicial puede atribuirse al Coronel Ingeniero Ant\u00f3nio Velho de Azevedo, responsable tambi\u00e9n de la construcci\u00f3n del Hospital Militar adosado. La configuraci\u00f3n actual resulta de la adaptaci\u00f3n hecha por el Sargento Mayor Ingeniero Miguel Lu\u00eds Jacob en la segunda mitad [&hellip;]"}