{"version":"1.0","provider_name":"Aldeias Hist\u00f3ricas de Portugal","provider_url":"https:\/\/aldeiashistoricasdeportugal.com\/fr","author_name":"Technical Skillmind","author_url":"https:\/\/aldeiashistoricasdeportugal.com\/fr\/author\/technical-skillmind\/","title":"Chapelle de Notre Seigneur du Calvaire - Aldeias Hist\u00f3ricas de Portugal","type":"rich","width":600,"height":338,"html":"<blockquote class=\"wp-embedded-content\" data-secret=\"bgnIjPfDVa\"><a href=\"https:\/\/aldeiashistoricasdeportugal.com\/fr\/local\/capela-do-senhor-dos-passos\/\">Chapelle de Notre Seigneur du Calvaire<\/a><\/blockquote><iframe sandbox=\"allow-scripts\" security=\"restricted\" src=\"https:\/\/aldeiashistoricasdeportugal.com\/fr\/local\/capela-do-senhor-dos-passos\/embed\/#?secret=bgnIjPfDVa\" width=\"600\" height=\"338\" title=\"\u00ab\u00a0Chapelle de Notre Seigneur du Calvaire\u00a0\u00bb &#8212; Aldeias Hist\u00f3ricas de Portugal\" data-secret=\"bgnIjPfDVa\" frameborder=\"0\" marginwidth=\"0\" marginheight=\"0\" scrolling=\"no\" class=\"wp-embedded-content\"><\/iframe><script type=\"text\/javascript\">\n\/* <![CDATA[ *\/\n\/*! This file is auto-generated *\/\n!function(d,l){\"use strict\";l.querySelector&&d.addEventListener&&\"undefined\"!=typeof URL&&(d.wp=d.wp||{},d.wp.receiveEmbedMessage||(d.wp.receiveEmbedMessage=function(e){var t=e.data;if((t||t.secret||t.message||t.value)&&!\/[^a-zA-Z0-9]\/.test(t.secret)){for(var s,r,n,a=l.querySelectorAll('iframe[data-secret=\"'+t.secret+'\"]'),o=l.querySelectorAll('blockquote[data-secret=\"'+t.secret+'\"]'),c=new RegExp(\"^https?:$\",\"i\"),i=0;i<o.length;i++)o[i].style.display=\"none\";for(i=0;i<a.length;i++)s=a[i],e.source===s.contentWindow&&(s.removeAttribute(\"style\"),\"height\"===t.message?(1e3<(r=parseInt(t.value,10))?r=1e3:~~r<200&&(r=200),s.height=r):\"link\"===t.message&&(r=new URL(s.getAttribute(\"src\")),n=new URL(t.value),c.test(n.protocol))&&n.host===r.host&&l.activeElement===s&&(d.top.location.href=t.value))}},d.addEventListener(\"message\",d.wp.receiveEmbedMessage,!1),l.addEventListener(\"DOMContentLoaded\",function(){for(var e,t,s=l.querySelectorAll(\"iframe.wp-embedded-content\"),r=0;r<s.length;r++)(t=(e=s[r]).getAttribute(\"data-secret\"))||(t=Math.random().toString(36).substring(2,12),e.src+=\"#?secret=\"+t,e.setAttribute(\"data-secret\",t)),e.contentWindow.postMessage({message:\"ready\",secret:t},\"*\")},!1)))}(window,document);\n\/\/# sourceURL=https:\/\/aldeiashistoricasdeportugal.com\/wp-includes\/js\/wp-embed.min.js\n\/* ]]> *\/\n<\/script>\n","thumbnail_url":"https:\/\/aldeiashistoricasdeportugal.com\/wp-content\/uploads\/2019\/01\/rascunho-automatico-324.jpg","thumbnail_width":1200,"thumbnail_height":803,"description":"Situ\u00e9e en face de l\u2019\u00e9glise paroissiale, cette chapelle de style mani\u00e9riste, poss\u00e8de \u00e0 l\u2019ext\u00e9rieur une chaire d\u2019o\u00f9 se faisaient les pr\u00eaches lors des c\u00e9r\u00e9monies du jeudi et du vendredi de P\u00e2ques. Probablement construite au 17e si\u00e8cle puis d\u00e9cor\u00e9e, au si\u00e8cle suivant, d\u2019ornements en bois dor\u00e9 et polychrome. Elle poss\u00e8de un plafond compos\u00e9 de 36 caissons [&hellip;]"}