{"version":"1.0","provider_name":"Aldeias Hist\u00f3ricas de Portugal","provider_url":"https:\/\/aldeiashistoricasdeportugal.com\/fr","author_name":"Technical Skillmind","author_url":"https:\/\/aldeiashistoricasdeportugal.com\/fr\/author\/technical-skillmind\/","title":"\u00c9glise de la Mis\u00e9ricorde - Aldeias Hist\u00f3ricas de Portugal","type":"rich","width":600,"height":338,"html":"<blockquote class=\"wp-embedded-content\" data-secret=\"VZXIafz4Ga\"><a href=\"https:\/\/aldeiashistoricasdeportugal.com\/fr\/local\/igreja-matriz-3\/\">\u00c9glise de la Mis\u00e9ricorde<\/a><\/blockquote><iframe sandbox=\"allow-scripts\" security=\"restricted\" src=\"https:\/\/aldeiashistoricasdeportugal.com\/fr\/local\/igreja-matriz-3\/embed\/#?secret=VZXIafz4Ga\" width=\"600\" height=\"338\" title=\"\u00ab\u00a0\u00c9glise de la Mis\u00e9ricorde\u00a0\u00bb &#8212; Aldeias Hist\u00f3ricas de Portugal\" data-secret=\"VZXIafz4Ga\" frameborder=\"0\" marginwidth=\"0\" marginheight=\"0\" scrolling=\"no\" class=\"wp-embedded-content\"><\/iframe><script type=\"text\/javascript\">\n\/* <![CDATA[ *\/\n\/*! This file is auto-generated *\/\n!function(d,l){\"use strict\";l.querySelector&&d.addEventListener&&\"undefined\"!=typeof URL&&(d.wp=d.wp||{},d.wp.receiveEmbedMessage||(d.wp.receiveEmbedMessage=function(e){var t=e.data;if((t||t.secret||t.message||t.value)&&!\/[^a-zA-Z0-9]\/.test(t.secret)){for(var s,r,n,a=l.querySelectorAll('iframe[data-secret=\"'+t.secret+'\"]'),o=l.querySelectorAll('blockquote[data-secret=\"'+t.secret+'\"]'),c=new RegExp(\"^https?:$\",\"i\"),i=0;i<o.length;i++)o[i].style.display=\"none\";for(i=0;i<a.length;i++)s=a[i],e.source===s.contentWindow&&(s.removeAttribute(\"style\"),\"height\"===t.message?(1e3<(r=parseInt(t.value,10))?r=1e3:~~r<200&&(r=200),s.height=r):\"link\"===t.message&&(r=new URL(s.getAttribute(\"src\")),n=new URL(t.value),c.test(n.protocol))&&n.host===r.host&&l.activeElement===s&&(d.top.location.href=t.value))}},d.addEventListener(\"message\",d.wp.receiveEmbedMessage,!1),l.addEventListener(\"DOMContentLoaded\",function(){for(var e,t,s=l.querySelectorAll(\"iframe.wp-embedded-content\"),r=0;r<s.length;r++)(t=(e=s[r]).getAttribute(\"data-secret\"))||(t=Math.random().toString(36).substring(2,12),e.src+=\"#?secret=\"+t,e.setAttribute(\"data-secret\",t)),e.contentWindow.postMessage({message:\"ready\",secret:t},\"*\")},!1)))}(window,document);\n\/\/# sourceURL=https:\/\/aldeiashistoricasdeportugal.com\/wp-includes\/js\/wp-embed.min.js\n\/* ]]> *\/\n<\/script>\n","thumbnail_url":"https:\/\/aldeiashistoricasdeportugal.com\/wp-content\/uploads\/2019\/01\/rascunho-automatico-381.jpg","thumbnail_width":1200,"thumbnail_height":803,"description":"L\u2019\u00e9glise de la Mis\u00e9ricorde est construite \u00e0 l\u2019endroit de l\u2019ancienne paroisse de Saint Isidore. Des vestiges romans sont visibles sur le porche lat\u00e9ral en arc bris\u00e9 et sur le jour qui \u00e9clairait la chapelle principale. En 1576, elle accueille la confr\u00e9rie de la Mis\u00e9ricorde et a subi plusieurs r\u00e9am\u00e9nagements jusqu\u2019au 17e si\u00e8cle. L\u2019\u00e9glise de Saint [&hellip;]"}