{"version":"1.0","provider_name":"Aldeias Hist\u00f3ricas de Portugal","provider_url":"https:\/\/aldeiashistoricasdeportugal.com\/fr","author_name":"Technical Skillmind","author_url":"https:\/\/aldeiashistoricasdeportugal.com\/fr\/author\/technical-skillmind\/","title":"\u00c9glise m\u00e8re - Aldeias Hist\u00f3ricas de Portugal","type":"rich","width":600,"height":338,"html":"<blockquote class=\"wp-embedded-content\" data-secret=\"YFd7HB4rgA\"><a href=\"https:\/\/aldeiashistoricasdeportugal.com\/fr\/local\/igreja-matriz-idanha\/\">\u00c9glise m\u00e8re<\/a><\/blockquote><iframe sandbox=\"allow-scripts\" security=\"restricted\" src=\"https:\/\/aldeiashistoricasdeportugal.com\/fr\/local\/igreja-matriz-idanha\/embed\/#?secret=YFd7HB4rgA\" width=\"600\" height=\"338\" title=\"\u00ab\u00a0\u00c9glise m\u00e8re\u00a0\u00bb &#8212; Aldeias Hist\u00f3ricas de Portugal\" data-secret=\"YFd7HB4rgA\" frameborder=\"0\" marginwidth=\"0\" marginheight=\"0\" scrolling=\"no\" class=\"wp-embedded-content\"><\/iframe><script type=\"text\/javascript\">\n\/* <![CDATA[ *\/\n\/*! This file is auto-generated *\/\n!function(d,l){\"use strict\";l.querySelector&&d.addEventListener&&\"undefined\"!=typeof URL&&(d.wp=d.wp||{},d.wp.receiveEmbedMessage||(d.wp.receiveEmbedMessage=function(e){var t=e.data;if((t||t.secret||t.message||t.value)&&!\/[^a-zA-Z0-9]\/.test(t.secret)){for(var s,r,n,a=l.querySelectorAll('iframe[data-secret=\"'+t.secret+'\"]'),o=l.querySelectorAll('blockquote[data-secret=\"'+t.secret+'\"]'),c=new RegExp(\"^https?:$\",\"i\"),i=0;i<o.length;i++)o[i].style.display=\"none\";for(i=0;i<a.length;i++)s=a[i],e.source===s.contentWindow&&(s.removeAttribute(\"style\"),\"height\"===t.message?(1e3<(r=parseInt(t.value,10))?r=1e3:~~r<200&&(r=200),s.height=r):\"link\"===t.message&&(r=new URL(s.getAttribute(\"src\")),n=new URL(t.value),c.test(n.protocol))&&n.host===r.host&&l.activeElement===s&&(d.top.location.href=t.value))}},d.addEventListener(\"message\",d.wp.receiveEmbedMessage,!1),l.addEventListener(\"DOMContentLoaded\",function(){for(var e,t,s=l.querySelectorAll(\"iframe.wp-embedded-content\"),r=0;r<s.length;r++)(t=(e=s[r]).getAttribute(\"data-secret\"))||(t=Math.random().toString(36).substring(2,12),e.src+=\"#?secret=\"+t,e.setAttribute(\"data-secret\",t)),e.contentWindow.postMessage({message:\"ready\",secret:t},\"*\")},!1)))}(window,document);\n\/\/# sourceURL=https:\/\/aldeiashistoricasdeportugal.com\/wp-includes\/js\/wp-embed.min.js\n\/* ]]> *\/\n<\/script>\n","thumbnail_url":"https:\/\/aldeiashistoricasdeportugal.com\/wp-content\/uploads\/2019\/01\/rascunho-automatico-385.jpg","thumbnail_width":602,"thumbnail_height":900,"description":"L&rsquo;\u00c9glise m\u00e8re, anciennement l&rsquo;ancienne Capela da Miseric\u00f3rdia (Chapelle de la Mis\u00e9ricorde), est de plan rectangulaire avec une seule nef, datant de la fin du XVIe si\u00e8cle ou du d\u00e9but du XVIIe si\u00e8cle.\u00a0 La fa\u00e7ade est centr\u00e9e par une porte d\u00e9cor\u00e9e de bas-reliefs, avec un arc ferm\u00e9 par un bouclier portant une croix en tau. Ce [&hellip;]"}