{"version":"1.0","provider_name":"Aldeias Hist\u00f3ricas de Portugal","provider_url":"https:\/\/aldeiashistoricasdeportugal.com\/fr","author_name":"Technical Skillmind","author_url":"https:\/\/aldeiashistoricasdeportugal.com\/fr\/author\/technical-skillmind\/","title":"H\u00f4tel de ville - Aldeias Hist\u00f3ricas de Portugal","type":"rich","width":600,"height":338,"html":"<blockquote class=\"wp-embedded-content\" data-secret=\"QUq2r33Dqw\"><a href=\"https:\/\/aldeiashistoricasdeportugal.com\/fr\/local\/pacos-do-concelho\/\">H\u00f4tel de ville<\/a><\/blockquote><iframe sandbox=\"allow-scripts\" security=\"restricted\" src=\"https:\/\/aldeiashistoricasdeportugal.com\/fr\/local\/pacos-do-concelho\/embed\/#?secret=QUq2r33Dqw\" width=\"600\" height=\"338\" title=\"\u00ab\u00a0H\u00f4tel de ville\u00a0\u00bb &#8212; Aldeias Hist\u00f3ricas de Portugal\" data-secret=\"QUq2r33Dqw\" frameborder=\"0\" marginwidth=\"0\" marginheight=\"0\" scrolling=\"no\" class=\"wp-embedded-content\"><\/iframe><script type=\"text\/javascript\">\n\/* <![CDATA[ *\/\n\/*! This file is auto-generated *\/\n!function(d,l){\"use strict\";l.querySelector&&d.addEventListener&&\"undefined\"!=typeof URL&&(d.wp=d.wp||{},d.wp.receiveEmbedMessage||(d.wp.receiveEmbedMessage=function(e){var t=e.data;if((t||t.secret||t.message||t.value)&&!\/[^a-zA-Z0-9]\/.test(t.secret)){for(var s,r,n,a=l.querySelectorAll('iframe[data-secret=\"'+t.secret+'\"]'),o=l.querySelectorAll('blockquote[data-secret=\"'+t.secret+'\"]'),c=new RegExp(\"^https?:$\",\"i\"),i=0;i<o.length;i++)o[i].style.display=\"none\";for(i=0;i<a.length;i++)s=a[i],e.source===s.contentWindow&&(s.removeAttribute(\"style\"),\"height\"===t.message?(1e3<(r=parseInt(t.value,10))?r=1e3:~~r<200&&(r=200),s.height=r):\"link\"===t.message&&(r=new URL(s.getAttribute(\"src\")),n=new URL(t.value),c.test(n.protocol))&&n.host===r.host&&l.activeElement===s&&(d.top.location.href=t.value))}},d.addEventListener(\"message\",d.wp.receiveEmbedMessage,!1),l.addEventListener(\"DOMContentLoaded\",function(){for(var e,t,s=l.querySelectorAll(\"iframe.wp-embedded-content\"),r=0;r<s.length;r++)(t=(e=s[r]).getAttribute(\"data-secret\"))||(t=Math.random().toString(36).substring(2,12),e.src+=\"#?secret=\"+t,e.setAttribute(\"data-secret\",t)),e.contentWindow.postMessage({message:\"ready\",secret:t},\"*\")},!1)))}(window,document);\n\/\/# sourceURL=https:\/\/aldeiashistoricasdeportugal.com\/wp-includes\/js\/wp-embed.min.js\n\/* ]]> *\/\n<\/script>\n","thumbnail_url":"https:\/\/aldeiashistoricasdeportugal.com\/wp-content\/uploads\/2019\/02\/rascunho-automatico-665.jpg","thumbnail_width":1200,"thumbnail_height":803,"description":"Le b\u00e2timent de l\u2019ancien h\u00f4tel de ville est de forme rectangulaire avec un toit \u00e0 deux pentes ; la fa\u00e7ade poss\u00e8de un parvis \u00e0 quatre arcades, avec des armoiries au centre. Il h\u00e9berge actuellement les services techniques des travaux et de l\u2019urbanisme et les services urbains de la municipalit\u00e9 d\u2019Almeida."}